{"id":1041,"date":"2010-12-10T14:17:49","date_gmt":"2010-12-10T19:17:49","guid":{"rendered":"https:\/\/moeb.ca\/expositions\/goodbye-broadway-bonjour-montreal\/"},"modified":"2021-06-29T09:13:50","modified_gmt":"2021-06-29T13:13:50","slug":"goodbye-broadway-bonjour-montreal","status":"publish","type":"expositions","link":"https:\/\/moeb.ca\/en\/exhibitions\/goodbye-broadway-bonjour-montreal\/","title":{"rendered":"Goodbye Broadway, Bonjour Montr\u00e9al"},"content":{"rendered":"<p>The ongoing love story which ties the City of Montr\u00e9al to the phenomenon that is Jazz will soon reach, if it hasn\u2019t done so yet, its hundredth anniversary. For more than half a century, this story was the driving force behind the city\u2019s renowned nightlife before becoming, in the last 30 years, the raison d\u2019\u00eatre of an event that has been described quite simply as \u201cThe most important Jazz Festival on the planet\u201d.<\/p>\n<p>As with all love story, the story of Jazz in Montreal finds its roots in a set of exceptional circumstances, which allowed for a meeting to take place and which provided the right conditions for a great adventure to unfold. It is these very roots that this exhibition sets out to explore.<\/p>\n<p>In 1919, the laws of prohibition were enacted in the United States, where they would remain in force until 1933. Such laws already existed in Canada, where they had been in place in the Maritimes and Ontario for several years. They would remain in effect well into the 1920\u2019s. The one exception was the province of Quebec that had only suffered prohibition for a single year in 1918-1919.<\/p>\n<p>That fateful year \u201cLa Belle Province\u201d and its metropolis became the only destinations in the American North-East where drinking alcohol was legal. This special status. among other things, established Montreal as a privileged destination, as we are reminded by the 1928 song \u201cGoodbye Broadway, Hello Montreal\u201d.<\/p>\n<p style=\"text-align: center;\"><img decoding=\"async\" class=\"size-full wp-image-1119 alignnone\" src=\"https:\/\/moeb.ca\/wp-content\/uploads\/2010\/12\/expo2010-02.jpg\" alt=\"Image 1\" width=\"197\" height=\"197\" srcset=\"https:\/\/moeb.ca\/wp-content\/uploads\/2010\/12\/expo2010-02.jpg 197w, https:\/\/moeb.ca\/wp-content\/uploads\/2010\/12\/expo2010-02-150x150.jpg 150w, https:\/\/moeb.ca\/wp-content\/uploads\/2010\/12\/expo2010-02-180x180.jpg 180w\" sizes=\"(max-width: 197px) 100vw, 197px\" \/> <img decoding=\"async\" class=\"size-full wp-image-1121 alignnone\" src=\"https:\/\/moeb.ca\/wp-content\/uploads\/2010\/12\/expo2010-04.jpg\" alt=\"Image 2\" width=\"197\" height=\"197\" srcset=\"https:\/\/moeb.ca\/wp-content\/uploads\/2010\/12\/expo2010-04.jpg 197w, https:\/\/moeb.ca\/wp-content\/uploads\/2010\/12\/expo2010-04-150x150.jpg 150w, https:\/\/moeb.ca\/wp-content\/uploads\/2010\/12\/expo2010-04-180x180.jpg 180w\" sizes=\"(max-width: 197px) 100vw, 197px\" \/> <img decoding=\"async\" class=\"size-full wp-image-1123 alignnone\" src=\"https:\/\/moeb.ca\/wp-content\/uploads\/2010\/12\/expo2010-05.jpg\" alt=\"Image 3\" width=\"197\" height=\"197\" srcset=\"https:\/\/moeb.ca\/wp-content\/uploads\/2010\/12\/expo2010-05.jpg 197w, https:\/\/moeb.ca\/wp-content\/uploads\/2010\/12\/expo2010-05-150x150.jpg 150w, https:\/\/moeb.ca\/wp-content\/uploads\/2010\/12\/expo2010-05-180x180.jpg 180w\" sizes=\"(max-width: 197px) 100vw, 197px\" \/><\/p>\n<p style=\"text-align: center;\"><img decoding=\"async\" class=\"size-full wp-image-1125 alignnone\" src=\"https:\/\/moeb.ca\/wp-content\/uploads\/2010\/12\/expo2010-08.jpg\" alt=\"Image 4\" width=\"197\" height=\"197\" srcset=\"https:\/\/moeb.ca\/wp-content\/uploads\/2010\/12\/expo2010-08.jpg 197w, https:\/\/moeb.ca\/wp-content\/uploads\/2010\/12\/expo2010-08-150x150.jpg 150w, https:\/\/moeb.ca\/wp-content\/uploads\/2010\/12\/expo2010-08-180x180.jpg 180w\" sizes=\"(max-width: 197px) 100vw, 197px\" \/> <img decoding=\"async\" class=\"size-full wp-image-1127 alignnone\" src=\"https:\/\/moeb.ca\/wp-content\/uploads\/2010\/12\/expo2010-09.jpg\" alt=\"Image 5\" width=\"197\" height=\"197\" srcset=\"https:\/\/moeb.ca\/wp-content\/uploads\/2010\/12\/expo2010-09.jpg 197w, https:\/\/moeb.ca\/wp-content\/uploads\/2010\/12\/expo2010-09-150x150.jpg 150w, https:\/\/moeb.ca\/wp-content\/uploads\/2010\/12\/expo2010-09-180x180.jpg 180w\" sizes=\"(max-width: 197px) 100vw, 197px\" \/> <img decoding=\"async\" class=\"size-full wp-image-1129 alignnone\" src=\"https:\/\/moeb.ca\/wp-content\/uploads\/2010\/12\/expo2010-10.jpg\" alt=\"Image 6\" width=\"197\" height=\"197\" srcset=\"https:\/\/moeb.ca\/wp-content\/uploads\/2010\/12\/expo2010-10.jpg 197w, https:\/\/moeb.ca\/wp-content\/uploads\/2010\/12\/expo2010-10-150x150.jpg 150w, https:\/\/moeb.ca\/wp-content\/uploads\/2010\/12\/expo2010-10-180x180.jpg 180w\" sizes=\"(max-width: 197px) 100vw, 197px\" \/><\/p>\n","protected":false},"excerpt":{"rendered":"<p>The ongoing love story which ties the City of Montr\u00e9al to the phenomenon that is Jazz will soon reach, if it hasn\u2019t done so yet, its hundredth anniversary. For more than half a century, this story was the driving force behind the city\u2019s renowned nightlife before becoming, in the last 30 years, the raison d\u2019\u00eatre [&hellip;]<\/p>\n","protected":false},"featured_media":1051,"template":"","meta":{"_acf_changed":false,"_genesis_hide_title":false,"_genesis_hide_breadcrumbs":false,"_genesis_hide_singular_image":false,"_genesis_hide_footer_widgets":false,"_genesis_custom_body_class":"","_genesis_custom_post_class":"","_genesis_layout":"","ngg_post_thumbnail":0},"categories":[],"class_list":{"0":"post-1041","1":"expositions","2":"type-expositions","3":"status-publish","4":"has-post-thumbnail","6":"entry"},"acf":[],"yoast_head":"<!-- This site is optimized with the Yoast SEO plugin v27.4 - https:\/\/yoast.com\/product\/yoast-seo-wordpress\/ -->\n<title>Goodbye Broadway, Bonjour Montr\u00e9al - Mus\u00e9e des ondes Emile Berliner<\/title>\n<meta name=\"description\" content=\"Goodbye Broadway, Bonjour Montr\u00e9al\" \/>\n<meta name=\"robots\" content=\"index, follow, max-snippet:-1, max-image-preview:large, max-video-preview:-1\" \/>\n<link rel=\"canonical\" href=\"https:\/\/moeb.ca\/en\/exhibitions\/goodbye-broadway-bonjour-montreal\/\" \/>\n<meta property=\"og:locale\" content=\"en_US\" \/>\n<meta property=\"og:type\" content=\"article\" \/>\n<meta property=\"og:title\" content=\"Goodbye Broadway, Bonjour Montr\u00e9al - Mus\u00e9e des ondes Emile Berliner\" \/>\n<meta property=\"og:description\" content=\"Goodbye Broadway, Bonjour Montr\u00e9al\" \/>\n<meta property=\"og:url\" content=\"https:\/\/moeb.ca\/en\/exhibitions\/goodbye-broadway-bonjour-montreal\/\" \/>\n<meta property=\"og:site_name\" content=\"Mus\u00e9e des ondes Emile Berliner\" \/>\n<meta property=\"article:publisher\" content=\"https:\/\/www.facebook.com\/Mus%c3%a9e-des-ondes-Emile-Berliner-368583116562909\/\" \/>\n<meta property=\"article:modified_time\" content=\"2021-06-29T13:13:50+00:00\" \/>\n<meta property=\"og:image\" content=\"https:\/\/moeb.ca\/wp-content\/uploads\/2010\/12\/exposition-2010.jpg\" \/>\n\t<meta property=\"og:image:width\" content=\"425\" \/>\n\t<meta property=\"og:image:height\" content=\"424\" \/>\n\t<meta property=\"og:image:type\" content=\"image\/jpeg\" \/>\n<meta name=\"twitter:card\" content=\"summary_large_image\" \/>\n<meta name=\"twitter:label1\" content=\"Est. reading time\" \/>\n\t<meta name=\"twitter:data1\" content=\"1 minute\" \/>\n<script type=\"application\/ld+json\" class=\"yoast-schema-graph\">{\"@context\":\"https:\\\/\\\/schema.org\",\"@graph\":[{\"@type\":\"WebPage\",\"@id\":\"https:\\\/\\\/moeb.ca\\\/en\\\/exhibitions\\\/goodbye-broadway-bonjour-montreal\\\/\",\"url\":\"https:\\\/\\\/moeb.ca\\\/en\\\/exhibitions\\\/goodbye-broadway-bonjour-montreal\\\/\",\"name\":\"Goodbye Broadway, Bonjour Montr\u00e9al - Mus\u00e9e des ondes Emile Berliner\",\"isPartOf\":{\"@id\":\"https:\\\/\\\/moeb.ca\\\/en\\\/#website\"},\"primaryImageOfPage\":{\"@id\":\"https:\\\/\\\/moeb.ca\\\/en\\\/exhibitions\\\/goodbye-broadway-bonjour-montreal\\\/#primaryimage\"},\"image\":{\"@id\":\"https:\\\/\\\/moeb.ca\\\/en\\\/exhibitions\\\/goodbye-broadway-bonjour-montreal\\\/#primaryimage\"},\"thumbnailUrl\":\"https:\\\/\\\/moeb.ca\\\/wp-content\\\/uploads\\\/2010\\\/12\\\/exposition-2010.jpg\",\"datePublished\":\"2010-12-10T19:17:49+00:00\",\"dateModified\":\"2021-06-29T13:13:50+00:00\",\"description\":\"Goodbye Broadway, Bonjour Montr\u00e9al\",\"breadcrumb\":{\"@id\":\"https:\\\/\\\/moeb.ca\\\/en\\\/exhibitions\\\/goodbye-broadway-bonjour-montreal\\\/#breadcrumb\"},\"inLanguage\":\"en-US\",\"potentialAction\":[{\"@type\":\"ReadAction\",\"target\":[\"https:\\\/\\\/moeb.ca\\\/en\\\/exhibitions\\\/goodbye-broadway-bonjour-montreal\\\/\"]}]},{\"@type\":\"ImageObject\",\"inLanguage\":\"en-US\",\"@id\":\"https:\\\/\\\/moeb.ca\\\/en\\\/exhibitions\\\/goodbye-broadway-bonjour-montreal\\\/#primaryimage\",\"url\":\"https:\\\/\\\/moeb.ca\\\/wp-content\\\/uploads\\\/2010\\\/12\\\/exposition-2010.jpg\",\"contentUrl\":\"https:\\\/\\\/moeb.ca\\\/wp-content\\\/uploads\\\/2010\\\/12\\\/exposition-2010.jpg\",\"width\":425,\"height\":424,\"caption\":\"Goodbye Broadway, Bonjour Montr\u00e9al\"},{\"@type\":\"BreadcrumbList\",\"@id\":\"https:\\\/\\\/moeb.ca\\\/en\\\/exhibitions\\\/goodbye-broadway-bonjour-montreal\\\/#breadcrumb\",\"itemListElement\":[{\"@type\":\"ListItem\",\"position\":1,\"name\":\"Home\",\"item\":\"https:\\\/\\\/moeb.ca\\\/en\\\/\"},{\"@type\":\"ListItem\",\"position\":2,\"name\":\"Exhibitions\",\"item\":\"https:\\\/\\\/moeb.ca\\\/en\\\/exhibitions\\\/\"},{\"@type\":\"ListItem\",\"position\":3,\"name\":\"Goodbye Broadway, Bonjour Montr\u00e9al\"}]},{\"@type\":\"WebSite\",\"@id\":\"https:\\\/\\\/moeb.ca\\\/en\\\/#website\",\"url\":\"https:\\\/\\\/moeb.ca\\\/en\\\/\",\"name\":\"Mus\u00e9e des ondes Emile Berliner\",\"description\":\"Diffuser le patrimoine associ\u00e9 \u00e0 l&#039;histoire de l\u2019industrie des ondes sonores\",\"publisher\":{\"@id\":\"https:\\\/\\\/moeb.ca\\\/en\\\/#organization\"},\"potentialAction\":[{\"@type\":\"SearchAction\",\"target\":{\"@type\":\"EntryPoint\",\"urlTemplate\":\"https:\\\/\\\/moeb.ca\\\/en\\\/?s={search_term_string}\"},\"query-input\":{\"@type\":\"PropertyValueSpecification\",\"valueRequired\":true,\"valueName\":\"search_term_string\"}}],\"inLanguage\":\"en-US\"},{\"@type\":\"Organization\",\"@id\":\"https:\\\/\\\/moeb.ca\\\/en\\\/#organization\",\"name\":\"Mus\u00e9e des Ondes Emile Berliner\",\"url\":\"https:\\\/\\\/moeb.ca\\\/en\\\/\",\"logo\":{\"@type\":\"ImageObject\",\"inLanguage\":\"en-US\",\"@id\":\"https:\\\/\\\/moeb.ca\\\/en\\\/#\\\/schema\\\/logo\\\/image\\\/\",\"url\":\"https:\\\/\\\/moeb.ca\\\/wp-content\\\/uploads\\\/2020\\\/08\\\/moeb-logo.jpg\",\"contentUrl\":\"https:\\\/\\\/moeb.ca\\\/wp-content\\\/uploads\\\/2020\\\/08\\\/moeb-logo.jpg\",\"width\":225,\"height\":120,\"caption\":\"Mus\u00e9e des Ondes Emile Berliner\"},\"image\":{\"@id\":\"https:\\\/\\\/moeb.ca\\\/en\\\/#\\\/schema\\\/logo\\\/image\\\/\"},\"sameAs\":[\"https:\\\/\\\/www.facebook.com\\\/Mus\u00e9e-des-ondes-Emile-Berliner-368583116562909\\\/\"]}]}<\/script>\n<!-- \/ Yoast SEO plugin. -->","yoast_head_json":{"title":"Goodbye Broadway, Bonjour Montr\u00e9al - Mus\u00e9e des ondes Emile Berliner","description":"Goodbye Broadway, Bonjour Montr\u00e9al","robots":{"index":"index","follow":"follow","max-snippet":"max-snippet:-1","max-image-preview":"max-image-preview:large","max-video-preview":"max-video-preview:-1"},"canonical":"https:\/\/moeb.ca\/en\/exhibitions\/goodbye-broadway-bonjour-montreal\/","og_locale":"en_US","og_type":"article","og_title":"Goodbye Broadway, Bonjour Montr\u00e9al - Mus\u00e9e des ondes Emile Berliner","og_description":"Goodbye Broadway, Bonjour Montr\u00e9al","og_url":"https:\/\/moeb.ca\/en\/exhibitions\/goodbye-broadway-bonjour-montreal\/","og_site_name":"Mus\u00e9e des ondes Emile Berliner","article_publisher":"https:\/\/www.facebook.com\/Mus%c3%a9e-des-ondes-Emile-Berliner-368583116562909\/","article_modified_time":"2021-06-29T13:13:50+00:00","og_image":[{"width":425,"height":424,"url":"https:\/\/moeb.ca\/wp-content\/uploads\/2010\/12\/exposition-2010.jpg","type":"image\/jpeg"}],"twitter_card":"summary_large_image","twitter_misc":{"Est. reading time":"1 minute"},"schema":{"@context":"https:\/\/schema.org","@graph":[{"@type":"WebPage","@id":"https:\/\/moeb.ca\/en\/exhibitions\/goodbye-broadway-bonjour-montreal\/","url":"https:\/\/moeb.ca\/en\/exhibitions\/goodbye-broadway-bonjour-montreal\/","name":"Goodbye Broadway, Bonjour Montr\u00e9al - Mus\u00e9e des ondes Emile Berliner","isPartOf":{"@id":"https:\/\/moeb.ca\/en\/#website"},"primaryImageOfPage":{"@id":"https:\/\/moeb.ca\/en\/exhibitions\/goodbye-broadway-bonjour-montreal\/#primaryimage"},"image":{"@id":"https:\/\/moeb.ca\/en\/exhibitions\/goodbye-broadway-bonjour-montreal\/#primaryimage"},"thumbnailUrl":"https:\/\/moeb.ca\/wp-content\/uploads\/2010\/12\/exposition-2010.jpg","datePublished":"2010-12-10T19:17:49+00:00","dateModified":"2021-06-29T13:13:50+00:00","description":"Goodbye Broadway, Bonjour Montr\u00e9al","breadcrumb":{"@id":"https:\/\/moeb.ca\/en\/exhibitions\/goodbye-broadway-bonjour-montreal\/#breadcrumb"},"inLanguage":"en-US","potentialAction":[{"@type":"ReadAction","target":["https:\/\/moeb.ca\/en\/exhibitions\/goodbye-broadway-bonjour-montreal\/"]}]},{"@type":"ImageObject","inLanguage":"en-US","@id":"https:\/\/moeb.ca\/en\/exhibitions\/goodbye-broadway-bonjour-montreal\/#primaryimage","url":"https:\/\/moeb.ca\/wp-content\/uploads\/2010\/12\/exposition-2010.jpg","contentUrl":"https:\/\/moeb.ca\/wp-content\/uploads\/2010\/12\/exposition-2010.jpg","width":425,"height":424,"caption":"Goodbye Broadway, Bonjour Montr\u00e9al"},{"@type":"BreadcrumbList","@id":"https:\/\/moeb.ca\/en\/exhibitions\/goodbye-broadway-bonjour-montreal\/#breadcrumb","itemListElement":[{"@type":"ListItem","position":1,"name":"Home","item":"https:\/\/moeb.ca\/en\/"},{"@type":"ListItem","position":2,"name":"Exhibitions","item":"https:\/\/moeb.ca\/en\/exhibitions\/"},{"@type":"ListItem","position":3,"name":"Goodbye Broadway, Bonjour Montr\u00e9al"}]},{"@type":"WebSite","@id":"https:\/\/moeb.ca\/en\/#website","url":"https:\/\/moeb.ca\/en\/","name":"Mus\u00e9e des ondes Emile Berliner","description":"Diffuser le patrimoine associ\u00e9 \u00e0 l&#039;histoire de l\u2019industrie des ondes sonores","publisher":{"@id":"https:\/\/moeb.ca\/en\/#organization"},"potentialAction":[{"@type":"SearchAction","target":{"@type":"EntryPoint","urlTemplate":"https:\/\/moeb.ca\/en\/?s={search_term_string}"},"query-input":{"@type":"PropertyValueSpecification","valueRequired":true,"valueName":"search_term_string"}}],"inLanguage":"en-US"},{"@type":"Organization","@id":"https:\/\/moeb.ca\/en\/#organization","name":"Mus\u00e9e des Ondes Emile Berliner","url":"https:\/\/moeb.ca\/en\/","logo":{"@type":"ImageObject","inLanguage":"en-US","@id":"https:\/\/moeb.ca\/en\/#\/schema\/logo\/image\/","url":"https:\/\/moeb.ca\/wp-content\/uploads\/2020\/08\/moeb-logo.jpg","contentUrl":"https:\/\/moeb.ca\/wp-content\/uploads\/2020\/08\/moeb-logo.jpg","width":225,"height":120,"caption":"Mus\u00e9e des Ondes Emile Berliner"},"image":{"@id":"https:\/\/moeb.ca\/en\/#\/schema\/logo\/image\/"},"sameAs":["https:\/\/www.facebook.com\/Mus\u00e9e-des-ondes-Emile-Berliner-368583116562909\/"]}]}},"_links":{"self":[{"href":"https:\/\/moeb.ca\/en\/wp-json\/wp\/v2\/expositions\/1041","targetHints":{"allow":["GET"]}}],"collection":[{"href":"https:\/\/moeb.ca\/en\/wp-json\/wp\/v2\/expositions"}],"about":[{"href":"https:\/\/moeb.ca\/en\/wp-json\/wp\/v2\/types\/expositions"}],"wp:featuredmedia":[{"embeddable":true,"href":"https:\/\/moeb.ca\/en\/wp-json\/wp\/v2\/media\/1051"}],"wp:attachment":[{"href":"https:\/\/moeb.ca\/en\/wp-json\/wp\/v2\/media?parent=1041"}],"wp:term":[{"taxonomy":"category","embeddable":true,"href":"https:\/\/moeb.ca\/en\/wp-json\/wp\/v2\/categories?post=1041"}],"curies":[{"name":"wp","href":"https:\/\/api.w.org\/{rel}","templated":true}]}}