{"id":1516,"date":"2021-02-01T09:47:27","date_gmt":"2021-02-01T14:47:27","guid":{"rendered":"https:\/\/moeb.ca\/hesm\/the-early-years\/"},"modified":"2022-08-23T13:40:42","modified_gmt":"2022-08-23T17:40:42","slug":"the-early-years","status":"publish","type":"hesm","link":"https:\/\/moeb.ca\/en\/hsrm\/the-early-years\/","title":{"rendered":"The Early Years"},"content":{"rendered":"<p>Even though Thomas Edison was the first to invent a machine that could record and playback sound, it is to Emile Berliner that we owe the greatest debt of gratitude for the spread of this new technology and the rapid growth of the sound recording industry.\u00a0 Where Edison\u2019s phonographs used cylinders that had to be recorded one at a time, Berliner\u2019s own invention, the gramophone, made use of flat records that could be pressed in great numbers from the mould of a single original recording.\u00a0 It is no wonder that records eventually won out over cylinders.<\/p>\n<p>In the early years of the 20th Century, sound recording efforts in Montreal were thus primarily focused on disk cutting technology.\u00a0 Efforts were made to develop better acoustic and cutting tools, as well as better suited materials for the production of records.\u00a0 All the while, research was continuing in other related fields.\u00a0 In 1916, this would lead to the invention of the first effective condenser microphone by E. C. Wente at <a href=\"http:\/\/history.acusd.edu\/gen\/recording\/bell-labs.html\"><em>Bell Labs<\/em><\/a>, which was only brought to market 10 years later by <em>Western Electric<\/em>.\u00a0 1924 saw the introduction of electric recording and in 1925 <em>General Electric<\/em> introduced the dynamic moving-coil loudspeaker.<\/p>\n<h2>Emile Berliner<\/h2>\n<p>Born in Hanover, Germany, in 1851, Emile Berliner immigrated to the United States in 1870 where he proceeded to become a self-taught scientist and an inventor. He made his first significant breakthrough in 1877, when he invented a microphone that revolutionized the telephone industry. Over the years, he would invent several other items, in a variety of fields, but none better known than his famous gramophone and accompanying flat disks for which he was granted a US patent in 1887. Ten years later, the inventor was granted a Canadian patent for the same invention and, shortly thereafter, opened an office in Montreal.<\/p>\n<p>Over the next 25 years, working in association with related enterprises in the USA, Britain and Germany, Berliner was to preside over the rise of the industry he helped to create and see his invention blanket the whole of the planet. He passed away in 1929 \u2013 recognized by all as a giant in the development of modern technology.<\/p>\n<h2>Studio Berliner<\/h2>\n<p>\u201cIt is thanks to the initiative of the Berliner Gramophone Company, if we have today in Montreal, all that we need to produce our own people\u2019s records.\u201d It is in these words, written in 1919, that a journalist from the magazine Le Passe Temps acknowledged the importance of the work that was carried out by Emile Berliner\u2019s recording studio. The studio\u2019s presence was well known and appreciated.<\/p>\n<p>In operation since 1904, the studio played an important role in the early part of this century in recording the music of Canadian artists, both French and English. Among these were such admired artists as singers Joseph Saucier, Emma Albani, Pauline Donalda, Mark Hambourg, Paul Dufault, Henri Prieur, as well as the Hart House string quartet and conductor Henri Miro who served as musical director for the Berliner Gramophone Company from 1916 to 1921.<\/p>\n","protected":false},"excerpt":{"rendered":"<p>Even though Thomas Edison was the first to invent a machine that could record and playback sound, it is to Emile Berliner that we owe the greatest debt of gratitude for the spread of this new technology and the rapid growth of the sound recording industry.\u00a0 Where Edison\u2019s phonographs used cylinders that had to be [&hellip;]<\/p>\n","protected":false},"featured_media":1489,"template":"","meta":{"_acf_changed":false,"_genesis_hide_title":false,"_genesis_hide_breadcrumbs":false,"_genesis_hide_singular_image":false,"_genesis_hide_footer_widgets":false,"_genesis_custom_body_class":"","_genesis_custom_post_class":"","_genesis_layout":"","ngg_post_thumbnail":0},"categories":[],"class_list":{"0":"post-1516","1":"hesm","2":"type-hesm","3":"status-publish","4":"has-post-thumbnail","6":"entry"},"acf":[],"yoast_head":"<!-- This site is optimized with the Yoast SEO plugin v27.4 - https:\/\/yoast.com\/product\/yoast-seo-wordpress\/ -->\n<title>Histoire de l\u2019Enregistrement Sonore \u00e0 Montr\u00e9al \u2013 Technologie, Studios et Pionniers | MOEB<\/title>\n<meta name=\"description\" content=\"Exposition d\u00e9taill\u00e9e sur l\u2019histoire de l\u2019enregistrement sonore \u00e0 Montr\u00e9al : inventions d\u2019Emile et Herbert Berliner, premiers studios canadiens, techniques d\u2019enregistrement, avanc\u00e9es \u00e9lectriques et magn\u00e9tiques. Une ressource historique compl\u00e8te du Mus\u00e9e des ondes Emile Berliner.\" \/>\n<meta name=\"robots\" content=\"index, follow, max-snippet:-1, max-image-preview:large, max-video-preview:-1\" \/>\n<link rel=\"canonical\" href=\"https:\/\/moeb.ca\/en\/hsrm\/the-early-years\/\" \/>\n<meta property=\"og:locale\" content=\"en_US\" \/>\n<meta property=\"og:type\" content=\"article\" \/>\n<meta property=\"og:title\" content=\"Histoire de l\u2019Enregistrement Sonore \u00e0 Montr\u00e9al \u2013 Technologie, Studios et Pionniers | MOEB\" \/>\n<meta property=\"og:description\" content=\"Exposition d\u00e9taill\u00e9e sur l\u2019histoire de l\u2019enregistrement sonore \u00e0 Montr\u00e9al : inventions d\u2019Emile et Herbert Berliner, premiers studios canadiens, techniques d\u2019enregistrement, avanc\u00e9es \u00e9lectriques et magn\u00e9tiques. Une ressource historique compl\u00e8te du Mus\u00e9e des ondes Emile Berliner.\" \/>\n<meta property=\"og:url\" content=\"https:\/\/moeb.ca\/en\/hsrm\/the-early-years\/\" \/>\n<meta property=\"og:site_name\" content=\"Mus\u00e9e des ondes Emile Berliner\" \/>\n<meta property=\"article:publisher\" content=\"https:\/\/www.facebook.com\/Mus%c3%a9e-des-ondes-Emile-Berliner-368583116562909\/\" \/>\n<meta property=\"article:modified_time\" content=\"2022-08-23T17:40:42+00:00\" \/>\n<meta property=\"og:image\" content=\"https:\/\/moeb.ca\/wp-content\/uploads\/2021\/07\/berliner-gramophone-the-recorder.jpg\" \/>\n\t<meta property=\"og:image:width\" content=\"616\" \/>\n\t<meta property=\"og:image:height\" content=\"480\" \/>\n\t<meta property=\"og:image:type\" content=\"image\/jpeg\" \/>\n<meta name=\"twitter:card\" content=\"summary_large_image\" \/>\n<meta name=\"twitter:label1\" content=\"Est. reading time\" \/>\n\t<meta name=\"twitter:data1\" content=\"2 minutes\" \/>\n<script type=\"application\/ld+json\" class=\"yoast-schema-graph\">{\"@context\":\"https:\\\/\\\/schema.org\",\"@graph\":[{\"@type\":\"WebPage\",\"@id\":\"https:\\\/\\\/moeb.ca\\\/en\\\/hsrm\\\/the-early-years\\\/\",\"url\":\"https:\\\/\\\/moeb.ca\\\/en\\\/hsrm\\\/the-early-years\\\/\",\"name\":\"Histoire de l\u2019Enregistrement Sonore \u00e0 Montr\u00e9al \u2013 Technologie, Studios et Pionniers | MOEB\",\"isPartOf\":{\"@id\":\"https:\\\/\\\/moeb.ca\\\/en\\\/#website\"},\"primaryImageOfPage\":{\"@id\":\"https:\\\/\\\/moeb.ca\\\/en\\\/hsrm\\\/the-early-years\\\/#primaryimage\"},\"image\":{\"@id\":\"https:\\\/\\\/moeb.ca\\\/en\\\/hsrm\\\/the-early-years\\\/#primaryimage\"},\"thumbnailUrl\":\"https:\\\/\\\/moeb.ca\\\/wp-content\\\/uploads\\\/2021\\\/07\\\/berliner-gramophone-the-recorder.jpg\",\"datePublished\":\"2021-02-01T14:47:27+00:00\",\"dateModified\":\"2022-08-23T17:40:42+00:00\",\"description\":\"Exposition d\u00e9taill\u00e9e sur l\u2019histoire de l\u2019enregistrement sonore \u00e0 Montr\u00e9al : inventions d\u2019Emile et Herbert Berliner, premiers studios canadiens, techniques d\u2019enregistrement, avanc\u00e9es \u00e9lectriques et magn\u00e9tiques. Une ressource historique compl\u00e8te du Mus\u00e9e des ondes Emile Berliner.\",\"breadcrumb\":{\"@id\":\"https:\\\/\\\/moeb.ca\\\/en\\\/hsrm\\\/the-early-years\\\/#breadcrumb\"},\"inLanguage\":\"en-US\",\"potentialAction\":[{\"@type\":\"ReadAction\",\"target\":[\"https:\\\/\\\/moeb.ca\\\/en\\\/hsrm\\\/the-early-years\\\/\"]}]},{\"@type\":\"ImageObject\",\"inLanguage\":\"en-US\",\"@id\":\"https:\\\/\\\/moeb.ca\\\/en\\\/hsrm\\\/the-early-years\\\/#primaryimage\",\"url\":\"https:\\\/\\\/moeb.ca\\\/wp-content\\\/uploads\\\/2021\\\/07\\\/berliner-gramophone-the-recorder.jpg\",\"contentUrl\":\"https:\\\/\\\/moeb.ca\\\/wp-content\\\/uploads\\\/2021\\\/07\\\/berliner-gramophone-the-recorder.jpg\",\"width\":616,\"height\":480},{\"@type\":\"BreadcrumbList\",\"@id\":\"https:\\\/\\\/moeb.ca\\\/en\\\/hsrm\\\/the-early-years\\\/#breadcrumb\",\"itemListElement\":[{\"@type\":\"ListItem\",\"position\":1,\"name\":\"Home\",\"item\":\"https:\\\/\\\/moeb.ca\\\/en\\\/\"},{\"@type\":\"ListItem\",\"position\":2,\"name\":\"HSRM\",\"item\":\"https:\\\/\\\/moeb.ca\\\/en\\\/hsrm\\\/\"},{\"@type\":\"ListItem\",\"position\":3,\"name\":\"The Early Years\"}]},{\"@type\":\"WebSite\",\"@id\":\"https:\\\/\\\/moeb.ca\\\/en\\\/#website\",\"url\":\"https:\\\/\\\/moeb.ca\\\/en\\\/\",\"name\":\"Mus\u00e9e des ondes Emile Berliner\",\"description\":\"Diffuser le patrimoine associ\u00e9 \u00e0 l&#039;histoire de l\u2019industrie des ondes sonores\",\"publisher\":{\"@id\":\"https:\\\/\\\/moeb.ca\\\/en\\\/#organization\"},\"potentialAction\":[{\"@type\":\"SearchAction\",\"target\":{\"@type\":\"EntryPoint\",\"urlTemplate\":\"https:\\\/\\\/moeb.ca\\\/en\\\/?s={search_term_string}\"},\"query-input\":{\"@type\":\"PropertyValueSpecification\",\"valueRequired\":true,\"valueName\":\"search_term_string\"}}],\"inLanguage\":\"en-US\"},{\"@type\":\"Organization\",\"@id\":\"https:\\\/\\\/moeb.ca\\\/en\\\/#organization\",\"name\":\"Mus\u00e9e des Ondes Emile Berliner\",\"url\":\"https:\\\/\\\/moeb.ca\\\/en\\\/\",\"logo\":{\"@type\":\"ImageObject\",\"inLanguage\":\"en-US\",\"@id\":\"https:\\\/\\\/moeb.ca\\\/en\\\/#\\\/schema\\\/logo\\\/image\\\/\",\"url\":\"https:\\\/\\\/moeb.ca\\\/wp-content\\\/uploads\\\/2020\\\/08\\\/moeb-logo.jpg\",\"contentUrl\":\"https:\\\/\\\/moeb.ca\\\/wp-content\\\/uploads\\\/2020\\\/08\\\/moeb-logo.jpg\",\"width\":225,\"height\":120,\"caption\":\"Mus\u00e9e des Ondes Emile Berliner\"},\"image\":{\"@id\":\"https:\\\/\\\/moeb.ca\\\/en\\\/#\\\/schema\\\/logo\\\/image\\\/\"},\"sameAs\":[\"https:\\\/\\\/www.facebook.com\\\/Mus\u00e9e-des-ondes-Emile-Berliner-368583116562909\\\/\"]}]}<\/script>\n<!-- \/ Yoast SEO plugin. -->","yoast_head_json":{"title":"Histoire de l\u2019Enregistrement Sonore \u00e0 Montr\u00e9al \u2013 Technologie, Studios et Pionniers | MOEB","description":"Exposition d\u00e9taill\u00e9e sur l\u2019histoire de l\u2019enregistrement sonore \u00e0 Montr\u00e9al : inventions d\u2019Emile et Herbert Berliner, premiers studios canadiens, techniques d\u2019enregistrement, avanc\u00e9es \u00e9lectriques et magn\u00e9tiques. Une ressource historique compl\u00e8te du Mus\u00e9e des ondes Emile Berliner.","robots":{"index":"index","follow":"follow","max-snippet":"max-snippet:-1","max-image-preview":"max-image-preview:large","max-video-preview":"max-video-preview:-1"},"canonical":"https:\/\/moeb.ca\/en\/hsrm\/the-early-years\/","og_locale":"en_US","og_type":"article","og_title":"Histoire de l\u2019Enregistrement Sonore \u00e0 Montr\u00e9al \u2013 Technologie, Studios et Pionniers | MOEB","og_description":"Exposition d\u00e9taill\u00e9e sur l\u2019histoire de l\u2019enregistrement sonore \u00e0 Montr\u00e9al : inventions d\u2019Emile et Herbert Berliner, premiers studios canadiens, techniques d\u2019enregistrement, avanc\u00e9es \u00e9lectriques et magn\u00e9tiques. Une ressource historique compl\u00e8te du Mus\u00e9e des ondes Emile Berliner.","og_url":"https:\/\/moeb.ca\/en\/hsrm\/the-early-years\/","og_site_name":"Mus\u00e9e des ondes Emile Berliner","article_publisher":"https:\/\/www.facebook.com\/Mus%c3%a9e-des-ondes-Emile-Berliner-368583116562909\/","article_modified_time":"2022-08-23T17:40:42+00:00","og_image":[{"width":616,"height":480,"url":"https:\/\/moeb.ca\/wp-content\/uploads\/2021\/07\/berliner-gramophone-the-recorder.jpg","type":"image\/jpeg"}],"twitter_card":"summary_large_image","twitter_misc":{"Est. reading time":"2 minutes"},"schema":{"@context":"https:\/\/schema.org","@graph":[{"@type":"WebPage","@id":"https:\/\/moeb.ca\/en\/hsrm\/the-early-years\/","url":"https:\/\/moeb.ca\/en\/hsrm\/the-early-years\/","name":"Histoire de l\u2019Enregistrement Sonore \u00e0 Montr\u00e9al \u2013 Technologie, Studios et Pionniers | MOEB","isPartOf":{"@id":"https:\/\/moeb.ca\/en\/#website"},"primaryImageOfPage":{"@id":"https:\/\/moeb.ca\/en\/hsrm\/the-early-years\/#primaryimage"},"image":{"@id":"https:\/\/moeb.ca\/en\/hsrm\/the-early-years\/#primaryimage"},"thumbnailUrl":"https:\/\/moeb.ca\/wp-content\/uploads\/2021\/07\/berliner-gramophone-the-recorder.jpg","datePublished":"2021-02-01T14:47:27+00:00","dateModified":"2022-08-23T17:40:42+00:00","description":"Exposition d\u00e9taill\u00e9e sur l\u2019histoire de l\u2019enregistrement sonore \u00e0 Montr\u00e9al : inventions d\u2019Emile et Herbert Berliner, premiers studios canadiens, techniques d\u2019enregistrement, avanc\u00e9es \u00e9lectriques et magn\u00e9tiques. Une ressource historique compl\u00e8te du Mus\u00e9e des ondes Emile Berliner.","breadcrumb":{"@id":"https:\/\/moeb.ca\/en\/hsrm\/the-early-years\/#breadcrumb"},"inLanguage":"en-US","potentialAction":[{"@type":"ReadAction","target":["https:\/\/moeb.ca\/en\/hsrm\/the-early-years\/"]}]},{"@type":"ImageObject","inLanguage":"en-US","@id":"https:\/\/moeb.ca\/en\/hsrm\/the-early-years\/#primaryimage","url":"https:\/\/moeb.ca\/wp-content\/uploads\/2021\/07\/berliner-gramophone-the-recorder.jpg","contentUrl":"https:\/\/moeb.ca\/wp-content\/uploads\/2021\/07\/berliner-gramophone-the-recorder.jpg","width":616,"height":480},{"@type":"BreadcrumbList","@id":"https:\/\/moeb.ca\/en\/hsrm\/the-early-years\/#breadcrumb","itemListElement":[{"@type":"ListItem","position":1,"name":"Home","item":"https:\/\/moeb.ca\/en\/"},{"@type":"ListItem","position":2,"name":"HSRM","item":"https:\/\/moeb.ca\/en\/hsrm\/"},{"@type":"ListItem","position":3,"name":"The Early Years"}]},{"@type":"WebSite","@id":"https:\/\/moeb.ca\/en\/#website","url":"https:\/\/moeb.ca\/en\/","name":"Mus\u00e9e des ondes Emile Berliner","description":"Diffuser le patrimoine associ\u00e9 \u00e0 l&#039;histoire de l\u2019industrie des ondes sonores","publisher":{"@id":"https:\/\/moeb.ca\/en\/#organization"},"potentialAction":[{"@type":"SearchAction","target":{"@type":"EntryPoint","urlTemplate":"https:\/\/moeb.ca\/en\/?s={search_term_string}"},"query-input":{"@type":"PropertyValueSpecification","valueRequired":true,"valueName":"search_term_string"}}],"inLanguage":"en-US"},{"@type":"Organization","@id":"https:\/\/moeb.ca\/en\/#organization","name":"Mus\u00e9e des Ondes Emile Berliner","url":"https:\/\/moeb.ca\/en\/","logo":{"@type":"ImageObject","inLanguage":"en-US","@id":"https:\/\/moeb.ca\/en\/#\/schema\/logo\/image\/","url":"https:\/\/moeb.ca\/wp-content\/uploads\/2020\/08\/moeb-logo.jpg","contentUrl":"https:\/\/moeb.ca\/wp-content\/uploads\/2020\/08\/moeb-logo.jpg","width":225,"height":120,"caption":"Mus\u00e9e des Ondes Emile Berliner"},"image":{"@id":"https:\/\/moeb.ca\/en\/#\/schema\/logo\/image\/"},"sameAs":["https:\/\/www.facebook.com\/Mus\u00e9e-des-ondes-Emile-Berliner-368583116562909\/"]}]}},"_links":{"self":[{"href":"https:\/\/moeb.ca\/en\/wp-json\/wp\/v2\/hesm\/1516","targetHints":{"allow":["GET"]}}],"collection":[{"href":"https:\/\/moeb.ca\/en\/wp-json\/wp\/v2\/hesm"}],"about":[{"href":"https:\/\/moeb.ca\/en\/wp-json\/wp\/v2\/types\/hesm"}],"wp:featuredmedia":[{"embeddable":true,"href":"https:\/\/moeb.ca\/en\/wp-json\/wp\/v2\/media\/1489"}],"wp:attachment":[{"href":"https:\/\/moeb.ca\/en\/wp-json\/wp\/v2\/media?parent=1516"}],"wp:term":[{"taxonomy":"category","embeddable":true,"href":"https:\/\/moeb.ca\/en\/wp-json\/wp\/v2\/categories?post=1516"}],"curies":[{"name":"wp","href":"https:\/\/api.w.org\/{rel}","templated":true}]}}