{"id":1750,"date":"2021-07-01T10:28:05","date_gmt":"2021-07-01T14:28:05","guid":{"rendered":"https:\/\/moeb.ca\/hesm\/the-golden-years\/"},"modified":"2025-05-23T09:17:07","modified_gmt":"2025-05-23T13:17:07","slug":"the-golden-years","status":"publish","type":"hesm","link":"https:\/\/moeb.ca\/en\/hsrm\/the-golden-years\/","title":{"rendered":"The Golden Years"},"content":{"rendered":"<p>During the 1960s and 1970s, the combination of Expo 67 and the Olympic Games created an atmosphere like no other ever experienced by Montrealer\u2019s.\u00a0 As the city got ready to live the most extraordinary decade of its history, the impact was felt in all sectors of the economy.\u00a0 This was certainly true in the field of sound recording where an increased demand for all manner of recordings, music, jingles, film and others, fuelled a rapid expansion.<\/p>\n<p>The late1960s and 1970s were also influenced by several new social dynamics that had a direct impact on events.\u00a0 As \u201cbaby boomers\u201d came of age, for instance, with their new attitudes towards consumerism and their taste for sound recordings of all sorts, they brought new energy to the sound recording industry.\u00a0 The fact that a new international interest in the arts and culture was surfacing, also offered many new opportunities for expansion.\u00a0 With the access for all to education that had begun a decade earlier, the new generation was better informed and more critical, which encouraged studios to surpass themselves in the search for ever more refined recordings.<\/p>\n<p>All of these conditions were further strengthened by the fact that modern technology had become more and more present in homes and everyone\u2019s daily life.\u00a0 The presence of hi-fidelity stereo sound systems, FM-stereo radios and television served to create even more interest in modern technology.\u00a0 In such auspicious circumstances, could there have been any doubt that many more technological advancements were on the way\u00a0?\u00a0 Advancements that would allow the recording industry to bring unprecedented refinements to its techniques and products.<\/p>\n","protected":false},"excerpt":{"rendered":"<p>During the 1960s and 1970s, the combination of Expo 67 and the Olympic Games created an atmosphere like no other ever experienced by Montrealer\u2019s.\u00a0 As the city got ready to live the most extraordinary decade of its history, the impact was felt in all sectors of the economy.\u00a0 This was certainly true in the field [&hellip;]<\/p>\n","protected":false},"featured_media":1942,"template":"","meta":{"_acf_changed":false,"_genesis_hide_title":false,"_genesis_hide_breadcrumbs":false,"_genesis_hide_singular_image":false,"_genesis_hide_footer_widgets":false,"_genesis_custom_body_class":"","_genesis_custom_post_class":"","_genesis_layout":"","ngg_post_thumbnail":0},"categories":[],"class_list":{"0":"post-1750","1":"hesm","2":"type-hesm","3":"status-publish","4":"has-post-thumbnail","6":"entry"},"acf":[],"yoast_head":"<!-- This site is optimized with the Yoast SEO plugin v27.4 - https:\/\/yoast.com\/product\/yoast-seo-wordpress\/ -->\n<title>Histoire de l\u2019Enregistrement Sonore \u00e0 Montr\u00e9al \u2013 Technologie, Studios et Pionniers | MOEB<\/title>\n<meta name=\"description\" content=\"Exposition d\u00e9taill\u00e9e sur l\u2019histoire de l\u2019enregistrement sonore \u00e0 Montr\u00e9al : inventions d\u2019Emile et Herbert Berliner, premiers studios canadiens, techniques d\u2019enregistrement, avanc\u00e9es \u00e9lectriques et magn\u00e9tiques. Une ressource historique compl\u00e8te du Mus\u00e9e des ondes Emile Berliner.\" \/>\n<meta name=\"robots\" content=\"index, follow, max-snippet:-1, max-image-preview:large, max-video-preview:-1\" \/>\n<link rel=\"canonical\" href=\"https:\/\/moeb.ca\/en\/hsrm\/the-golden-years\/\" \/>\n<meta property=\"og:locale\" content=\"en_US\" \/>\n<meta property=\"og:type\" content=\"article\" \/>\n<meta property=\"og:title\" content=\"Histoire de l\u2019Enregistrement Sonore \u00e0 Montr\u00e9al \u2013 Technologie, Studios et Pionniers | MOEB\" \/>\n<meta property=\"og:description\" content=\"Exposition d\u00e9taill\u00e9e sur l\u2019histoire de l\u2019enregistrement sonore \u00e0 Montr\u00e9al : inventions d\u2019Emile et Herbert Berliner, premiers studios canadiens, techniques d\u2019enregistrement, avanc\u00e9es \u00e9lectriques et magn\u00e9tiques. Une ressource historique compl\u00e8te du Mus\u00e9e des ondes Emile Berliner.\" \/>\n<meta property=\"og:url\" content=\"https:\/\/moeb.ca\/en\/hsrm\/the-golden-years\/\" \/>\n<meta property=\"og:site_name\" content=\"Mus\u00e9e des ondes Emile Berliner\" \/>\n<meta property=\"article:publisher\" content=\"https:\/\/www.facebook.com\/Mus%c3%a9e-des-ondes-Emile-Berliner-368583116562909\/\" \/>\n<meta property=\"article:modified_time\" content=\"2025-05-23T13:17:07+00:00\" \/>\n<meta property=\"og:image\" content=\"https:\/\/moeb.ca\/wp-content\/uploads\/2021\/07\/assorti-studer.jpg\" \/>\n\t<meta property=\"og:image:width\" content=\"809\" \/>\n\t<meta property=\"og:image:height\" content=\"539\" \/>\n\t<meta property=\"og:image:type\" content=\"image\/jpeg\" \/>\n<meta name=\"twitter:card\" content=\"summary_large_image\" \/>\n<meta name=\"twitter:label1\" content=\"Est. reading time\" \/>\n\t<meta name=\"twitter:data1\" content=\"1 minute\" \/>\n<script type=\"application\/ld+json\" class=\"yoast-schema-graph\">{\"@context\":\"https:\\\/\\\/schema.org\",\"@graph\":[{\"@type\":\"WebPage\",\"@id\":\"https:\\\/\\\/moeb.ca\\\/en\\\/hsrm\\\/the-golden-years\\\/\",\"url\":\"https:\\\/\\\/moeb.ca\\\/en\\\/hsrm\\\/the-golden-years\\\/\",\"name\":\"Histoire de l\u2019Enregistrement Sonore \u00e0 Montr\u00e9al \u2013 Technologie, Studios et Pionniers | MOEB\",\"isPartOf\":{\"@id\":\"https:\\\/\\\/moeb.ca\\\/en\\\/#website\"},\"primaryImageOfPage\":{\"@id\":\"https:\\\/\\\/moeb.ca\\\/en\\\/hsrm\\\/the-golden-years\\\/#primaryimage\"},\"image\":{\"@id\":\"https:\\\/\\\/moeb.ca\\\/en\\\/hsrm\\\/the-golden-years\\\/#primaryimage\"},\"thumbnailUrl\":\"https:\\\/\\\/moeb.ca\\\/wp-content\\\/uploads\\\/2021\\\/07\\\/assorti-studer.jpg\",\"datePublished\":\"2021-07-01T14:28:05+00:00\",\"dateModified\":\"2025-05-23T13:17:07+00:00\",\"description\":\"Exposition d\u00e9taill\u00e9e sur l\u2019histoire de l\u2019enregistrement sonore \u00e0 Montr\u00e9al : inventions d\u2019Emile et Herbert Berliner, premiers studios canadiens, techniques d\u2019enregistrement, avanc\u00e9es \u00e9lectriques et magn\u00e9tiques. Une ressource historique compl\u00e8te du Mus\u00e9e des ondes Emile Berliner.\",\"breadcrumb\":{\"@id\":\"https:\\\/\\\/moeb.ca\\\/en\\\/hsrm\\\/the-golden-years\\\/#breadcrumb\"},\"inLanguage\":\"en-US\",\"potentialAction\":[{\"@type\":\"ReadAction\",\"target\":[\"https:\\\/\\\/moeb.ca\\\/en\\\/hsrm\\\/the-golden-years\\\/\"]}]},{\"@type\":\"ImageObject\",\"inLanguage\":\"en-US\",\"@id\":\"https:\\\/\\\/moeb.ca\\\/en\\\/hsrm\\\/the-golden-years\\\/#primaryimage\",\"url\":\"https:\\\/\\\/moeb.ca\\\/wp-content\\\/uploads\\\/2021\\\/07\\\/assorti-studer.jpg\",\"contentUrl\":\"https:\\\/\\\/moeb.ca\\\/wp-content\\\/uploads\\\/2021\\\/07\\\/assorti-studer.jpg\",\"width\":809,\"height\":539,\"caption\":\"Studio at Cinar (phase 1). Studer A810 and A800 24 tracks + 1 MCI 24 tracks. We can have a look at the Dolby underneath the A810 and the Audio-Kinectic synchroniser.\"},{\"@type\":\"BreadcrumbList\",\"@id\":\"https:\\\/\\\/moeb.ca\\\/en\\\/hsrm\\\/the-golden-years\\\/#breadcrumb\",\"itemListElement\":[{\"@type\":\"ListItem\",\"position\":1,\"name\":\"Home\",\"item\":\"https:\\\/\\\/moeb.ca\\\/en\\\/\"},{\"@type\":\"ListItem\",\"position\":2,\"name\":\"HSRM\",\"item\":\"https:\\\/\\\/moeb.ca\\\/en\\\/hsrm\\\/\"},{\"@type\":\"ListItem\",\"position\":3,\"name\":\"The Golden Years\"}]},{\"@type\":\"WebSite\",\"@id\":\"https:\\\/\\\/moeb.ca\\\/en\\\/#website\",\"url\":\"https:\\\/\\\/moeb.ca\\\/en\\\/\",\"name\":\"Mus\u00e9e des ondes Emile Berliner\",\"description\":\"Diffuser le patrimoine associ\u00e9 \u00e0 l&#039;histoire de l\u2019industrie des ondes sonores\",\"publisher\":{\"@id\":\"https:\\\/\\\/moeb.ca\\\/en\\\/#organization\"},\"potentialAction\":[{\"@type\":\"SearchAction\",\"target\":{\"@type\":\"EntryPoint\",\"urlTemplate\":\"https:\\\/\\\/moeb.ca\\\/en\\\/?s={search_term_string}\"},\"query-input\":{\"@type\":\"PropertyValueSpecification\",\"valueRequired\":true,\"valueName\":\"search_term_string\"}}],\"inLanguage\":\"en-US\"},{\"@type\":\"Organization\",\"@id\":\"https:\\\/\\\/moeb.ca\\\/en\\\/#organization\",\"name\":\"Mus\u00e9e des Ondes Emile Berliner\",\"url\":\"https:\\\/\\\/moeb.ca\\\/en\\\/\",\"logo\":{\"@type\":\"ImageObject\",\"inLanguage\":\"en-US\",\"@id\":\"https:\\\/\\\/moeb.ca\\\/en\\\/#\\\/schema\\\/logo\\\/image\\\/\",\"url\":\"https:\\\/\\\/moeb.ca\\\/wp-content\\\/uploads\\\/2020\\\/08\\\/moeb-logo.jpg\",\"contentUrl\":\"https:\\\/\\\/moeb.ca\\\/wp-content\\\/uploads\\\/2020\\\/08\\\/moeb-logo.jpg\",\"width\":225,\"height\":120,\"caption\":\"Mus\u00e9e des Ondes Emile Berliner\"},\"image\":{\"@id\":\"https:\\\/\\\/moeb.ca\\\/en\\\/#\\\/schema\\\/logo\\\/image\\\/\"},\"sameAs\":[\"https:\\\/\\\/www.facebook.com\\\/Mus\u00e9e-des-ondes-Emile-Berliner-368583116562909\\\/\"]}]}<\/script>\n<!-- \/ Yoast SEO plugin. -->","yoast_head_json":{"title":"Histoire de l\u2019Enregistrement Sonore \u00e0 Montr\u00e9al \u2013 Technologie, Studios et Pionniers | MOEB","description":"Exposition d\u00e9taill\u00e9e sur l\u2019histoire de l\u2019enregistrement sonore \u00e0 Montr\u00e9al : inventions d\u2019Emile et Herbert Berliner, premiers studios canadiens, techniques d\u2019enregistrement, avanc\u00e9es \u00e9lectriques et magn\u00e9tiques. Une ressource historique compl\u00e8te du Mus\u00e9e des ondes Emile Berliner.","robots":{"index":"index","follow":"follow","max-snippet":"max-snippet:-1","max-image-preview":"max-image-preview:large","max-video-preview":"max-video-preview:-1"},"canonical":"https:\/\/moeb.ca\/en\/hsrm\/the-golden-years\/","og_locale":"en_US","og_type":"article","og_title":"Histoire de l\u2019Enregistrement Sonore \u00e0 Montr\u00e9al \u2013 Technologie, Studios et Pionniers | MOEB","og_description":"Exposition d\u00e9taill\u00e9e sur l\u2019histoire de l\u2019enregistrement sonore \u00e0 Montr\u00e9al : inventions d\u2019Emile et Herbert Berliner, premiers studios canadiens, techniques d\u2019enregistrement, avanc\u00e9es \u00e9lectriques et magn\u00e9tiques. Une ressource historique compl\u00e8te du Mus\u00e9e des ondes Emile Berliner.","og_url":"https:\/\/moeb.ca\/en\/hsrm\/the-golden-years\/","og_site_name":"Mus\u00e9e des ondes Emile Berliner","article_publisher":"https:\/\/www.facebook.com\/Mus%c3%a9e-des-ondes-Emile-Berliner-368583116562909\/","article_modified_time":"2025-05-23T13:17:07+00:00","og_image":[{"width":809,"height":539,"url":"https:\/\/moeb.ca\/wp-content\/uploads\/2021\/07\/assorti-studer.jpg","type":"image\/jpeg"}],"twitter_card":"summary_large_image","twitter_misc":{"Est. reading time":"1 minute"},"schema":{"@context":"https:\/\/schema.org","@graph":[{"@type":"WebPage","@id":"https:\/\/moeb.ca\/en\/hsrm\/the-golden-years\/","url":"https:\/\/moeb.ca\/en\/hsrm\/the-golden-years\/","name":"Histoire de l\u2019Enregistrement Sonore \u00e0 Montr\u00e9al \u2013 Technologie, Studios et Pionniers | MOEB","isPartOf":{"@id":"https:\/\/moeb.ca\/en\/#website"},"primaryImageOfPage":{"@id":"https:\/\/moeb.ca\/en\/hsrm\/the-golden-years\/#primaryimage"},"image":{"@id":"https:\/\/moeb.ca\/en\/hsrm\/the-golden-years\/#primaryimage"},"thumbnailUrl":"https:\/\/moeb.ca\/wp-content\/uploads\/2021\/07\/assorti-studer.jpg","datePublished":"2021-07-01T14:28:05+00:00","dateModified":"2025-05-23T13:17:07+00:00","description":"Exposition d\u00e9taill\u00e9e sur l\u2019histoire de l\u2019enregistrement sonore \u00e0 Montr\u00e9al : inventions d\u2019Emile et Herbert Berliner, premiers studios canadiens, techniques d\u2019enregistrement, avanc\u00e9es \u00e9lectriques et magn\u00e9tiques. Une ressource historique compl\u00e8te du Mus\u00e9e des ondes Emile Berliner.","breadcrumb":{"@id":"https:\/\/moeb.ca\/en\/hsrm\/the-golden-years\/#breadcrumb"},"inLanguage":"en-US","potentialAction":[{"@type":"ReadAction","target":["https:\/\/moeb.ca\/en\/hsrm\/the-golden-years\/"]}]},{"@type":"ImageObject","inLanguage":"en-US","@id":"https:\/\/moeb.ca\/en\/hsrm\/the-golden-years\/#primaryimage","url":"https:\/\/moeb.ca\/wp-content\/uploads\/2021\/07\/assorti-studer.jpg","contentUrl":"https:\/\/moeb.ca\/wp-content\/uploads\/2021\/07\/assorti-studer.jpg","width":809,"height":539,"caption":"Studio at Cinar (phase 1). Studer A810 and A800 24 tracks + 1 MCI 24 tracks. We can have a look at the Dolby underneath the A810 and the Audio-Kinectic synchroniser."},{"@type":"BreadcrumbList","@id":"https:\/\/moeb.ca\/en\/hsrm\/the-golden-years\/#breadcrumb","itemListElement":[{"@type":"ListItem","position":1,"name":"Home","item":"https:\/\/moeb.ca\/en\/"},{"@type":"ListItem","position":2,"name":"HSRM","item":"https:\/\/moeb.ca\/en\/hsrm\/"},{"@type":"ListItem","position":3,"name":"The Golden Years"}]},{"@type":"WebSite","@id":"https:\/\/moeb.ca\/en\/#website","url":"https:\/\/moeb.ca\/en\/","name":"Mus\u00e9e des ondes Emile Berliner","description":"Diffuser le patrimoine associ\u00e9 \u00e0 l&#039;histoire de l\u2019industrie des ondes sonores","publisher":{"@id":"https:\/\/moeb.ca\/en\/#organization"},"potentialAction":[{"@type":"SearchAction","target":{"@type":"EntryPoint","urlTemplate":"https:\/\/moeb.ca\/en\/?s={search_term_string}"},"query-input":{"@type":"PropertyValueSpecification","valueRequired":true,"valueName":"search_term_string"}}],"inLanguage":"en-US"},{"@type":"Organization","@id":"https:\/\/moeb.ca\/en\/#organization","name":"Mus\u00e9e des Ondes Emile Berliner","url":"https:\/\/moeb.ca\/en\/","logo":{"@type":"ImageObject","inLanguage":"en-US","@id":"https:\/\/moeb.ca\/en\/#\/schema\/logo\/image\/","url":"https:\/\/moeb.ca\/wp-content\/uploads\/2020\/08\/moeb-logo.jpg","contentUrl":"https:\/\/moeb.ca\/wp-content\/uploads\/2020\/08\/moeb-logo.jpg","width":225,"height":120,"caption":"Mus\u00e9e des Ondes Emile Berliner"},"image":{"@id":"https:\/\/moeb.ca\/en\/#\/schema\/logo\/image\/"},"sameAs":["https:\/\/www.facebook.com\/Mus\u00e9e-des-ondes-Emile-Berliner-368583116562909\/"]}]}},"_links":{"self":[{"href":"https:\/\/moeb.ca\/en\/wp-json\/wp\/v2\/hesm\/1750","targetHints":{"allow":["GET"]}}],"collection":[{"href":"https:\/\/moeb.ca\/en\/wp-json\/wp\/v2\/hesm"}],"about":[{"href":"https:\/\/moeb.ca\/en\/wp-json\/wp\/v2\/types\/hesm"}],"wp:featuredmedia":[{"embeddable":true,"href":"https:\/\/moeb.ca\/en\/wp-json\/wp\/v2\/media\/1942"}],"wp:attachment":[{"href":"https:\/\/moeb.ca\/en\/wp-json\/wp\/v2\/media?parent=1750"}],"wp:term":[{"taxonomy":"category","embeddable":true,"href":"https:\/\/moeb.ca\/en\/wp-json\/wp\/v2\/categories?post=1750"}],"curies":[{"name":"wp","href":"https:\/\/api.w.org\/{rel}","templated":true}]}}