{"id":2361,"date":"2021-08-25T10:27:07","date_gmt":"2021-08-25T14:27:07","guid":{"rendered":"https:\/\/moeb.ca\/?post_type=hesm&#038;p=2361"},"modified":"2025-05-27T11:18:03","modified_gmt":"2025-05-27T15:18:03","slug":"sound-engineer","status":"publish","type":"hesm","link":"https:\/\/moeb.ca\/en\/hsrm\/sound-engineer\/","title":{"rendered":"Sound Engineer"},"content":{"rendered":"\n\n\t<p>This chapter of the virtual exhibition is dedicated to sound engineers. These are the ones who have worked to achieve the best recording sound quality. Thanks to them and their wise advice, many artists have been able to have the best possible rendering of their creation. It is therefore natural to consider these sound engineers as recording pioneers and thus include them in our exhibition.<\/p>\n<p>The formula chosen to do this is that of an alphabetically classified directory in which you will find a short biography, the technical qualifications as well as the main achievements in which they have participated.<\/p>\n\t\t\t<a href=\"#\" id=\"fl-accordion--label-0\" tabindex=\"0\" aria-controls=\"fl-accordion--panel-0\">Arbour, Fran\u00e7ois<\/a>\n\t\t\t\t\t\t\t<a href=\"#\" id=\"fl-accordion--icon-0\" tabindex=\"0\" aria-controls=\"fl-accordion--panel-0\"><i>Expand<\/i><\/a>\n\t\t<p>Biography and upcoming achievements.<\/p>\n\t\t\t<a href=\"#\" id=\"fl-accordion--label-1\" tabindex=\"0\" aria-controls=\"fl-accordion--panel-1\">Austin, Rick<\/a>\n\t\t\t\t\t\t\t<a href=\"#\" id=\"fl-accordion--icon-1\" tabindex=\"0\" aria-controls=\"fl-accordion--panel-1\"><i>Expand<\/i><\/a>\n\t\t<p>Biography and upcoming achievements.<\/p>\n\t\t\t<a href=\"#\" id=\"fl-accordion--label-2\" tabindex=\"0\" aria-controls=\"fl-accordion--panel-2\">Barsalo, Denis<\/a>\n\t\t\t\t\t\t\t<a href=\"#\" id=\"fl-accordion--icon-2\" tabindex=\"0\" aria-controls=\"fl-accordion--panel-2\"><i>Expand<\/i><\/a>\n\t\t<p>Biography and upcoming achievements.<\/p>\n\t\t\t<a href=\"#\" id=\"fl-accordion--label-3\" tabindex=\"0\" aria-controls=\"fl-accordion--panel-3\">Blagona, Nick (deceased)<\/a>\n\t\t\t\t\t\t\t<a href=\"#\" id=\"fl-accordion--icon-3\" tabindex=\"0\" aria-controls=\"fl-accordion--panel-3\"><i>Expand<\/i><\/a>\n\t\t<p>Biography and upcoming achievements.<\/p>\n\t\t\t<a href=\"#\" id=\"fl-accordion--label-4\" tabindex=\"0\" aria-controls=\"fl-accordion--panel-4\">Brunet, G\u00e9rard (Junior)<\/a>\n\t\t\t\t\t\t\t<a href=\"#\" id=\"fl-accordion--icon-4\" tabindex=\"0\" aria-controls=\"fl-accordion--panel-4\"><i>Expand<\/i><\/a>\n\t\t<p>Biography and upcoming achievements.<\/p>\n\t\t\t<a href=\"#\" id=\"fl-accordion--label-5\" tabindex=\"0\" aria-controls=\"fl-accordion--panel-5\">Burns, Peter (deceased)<\/a>\n\t\t\t\t\t\t\t<a href=\"#\" id=\"fl-accordion--icon-5\" tabindex=\"0\" aria-controls=\"fl-accordion--panel-5\"><i>Expand<\/i><\/a>\n\t\t<p>Peter worked on the Harmonium group&#8217;s album &#8220;Les cinq saisons&#8221;.<\/p>\n\t\t\t<a href=\"#\" id=\"fl-accordion--label-6\" tabindex=\"0\" aria-controls=\"fl-accordion--panel-6\">Delaney, Michael<\/a>\n\t\t\t\t\t\t\t<a href=\"#\" id=\"fl-accordion--icon-6\" tabindex=\"0\" aria-controls=\"fl-accordion--panel-6\"><i>Expand<\/i><\/a>\n\t\t<p>Biography and upcoming achievements.<\/p>\n\t\t\t<a href=\"#\" id=\"fl-accordion--label-7\" tabindex=\"0\" aria-controls=\"fl-accordion--panel-7\">Demers, Claude<\/a>\n\t\t\t\t\t\t\t<a href=\"#\" id=\"fl-accordion--icon-7\" tabindex=\"0\" aria-controls=\"fl-accordion--panel-7\"><i>Expand<\/i><\/a>\n\t\t<p>Claude worked at Andr\u00e9 Perry&#8217;s studio.<\/p>\n\t\t\t<a href=\"#\" id=\"fl-accordion--label-8\" tabindex=\"0\" aria-controls=\"fl-accordion--panel-8\">Deschamps, Fran\u00e7ois<\/a>\n\t\t\t\t\t\t\t<a href=\"#\" id=\"fl-accordion--icon-8\" tabindex=\"0\" aria-controls=\"fl-accordion--panel-8\"><i>Expand<\/i><\/a>\n\t\t<p>Biography and upcoming achievements.<\/p>\n\t\t\t<a href=\"#\" id=\"fl-accordion--label-9\" tabindex=\"0\" aria-controls=\"fl-accordion--panel-9\">\u00c9thier, Michel<\/a>\n\t\t\t\t\t\t\t<a href=\"#\" id=\"fl-accordion--icon-9\" tabindex=\"0\" aria-controls=\"fl-accordion--panel-9\"><i>Expand<\/i><\/a>\n\t\t<p>Biography and upcoming achievements.<\/p>\n\t\t\t<a href=\"#\" id=\"fl-accordion--label-10\" tabindex=\"0\" aria-controls=\"fl-accordion--panel-10\">Fontaine, Michel  (deceased)<\/a>\n\t\t\t\t\t\t\t<a href=\"#\" id=\"fl-accordion--icon-10\" tabindex=\"0\" aria-controls=\"fl-accordion--panel-10\"><i>Expand<\/i><\/a>\n\t\t<p><a href=\"https:\/\/moeb.ca\/wp-content\/uploads\/2021\/08\/Michel-Fontaine-1933-1987-222x300.jpg\"><img decoding=\"async\" src=\"https:\/\/moeb.ca\/wp-content\/uploads\/2021\/08\/Michel-Fontaine-1933-1987-222x300.jpg\" alt=\"Michel Fontaine\" width=\"222\" height=\"300\" \/><\/a>Michel Fontaine (1933 &#8211; 1987). Born January 23, 1933.<\/p>\n<p>He worked at <a href=\"https:\/\/moeb.ca\/en\/hsrm\/jean-marc-audet-1915-2003-studio-marko\/\">Studio Marko<\/a> from 1963 to 1973.<\/p>\n<p>He was considered one of the top Sound Engineer in the &#8217;60 and &#8217;70.<\/p>\n<p>In 1973, he founded &#8220;Studio Fontaine&#8221; which later became &#8220;Studio La Majeure&#8221;. The studio is still in operation today at the same address 1110 Bleury, 4<sup>th<\/sup> floor.<\/p>\n<p>In fact, &#8220;La Majeure&#8221; Studio B is the old &#8220;Studio Fontaine&#8221;. Same room but modern equipment, of course.<\/p>\n<p>In his early years at the old &#8220;Studio Marko,&#8221; next to the old Forum at Atwater Street, Michel Fontaine was a Prot\u00e9g\u00e9 of Jean-Marc Audet and rapidly became his right-hand man. They were first friends as a mentor and pupil and would often socialize and spend New Year&#8217;s party together with the wives and other industry friends.<\/p>\n<p>Studio La Majeure was founded by Luc Fontaine and three friends in 1984.<\/p>\n\t\t\t<a href=\"#\" id=\"fl-accordion--label-11\" tabindex=\"0\" aria-controls=\"fl-accordion--panel-11\">Gibson, Gordon (deceased)<\/a>\n\t\t\t\t\t\t\t<a href=\"#\" id=\"fl-accordion--icon-11\" tabindex=\"0\" aria-controls=\"fl-accordion--panel-11\"><i>Expand<\/i><\/a>\n\t\t<p>Biography and upcoming achievements.<\/p>\n\t\t\t<a href=\"#\" id=\"fl-accordion--label-12\" tabindex=\"0\" aria-controls=\"fl-accordion--panel-12\">Lachance, Michel<\/a>\n\t\t\t\t\t\t\t<a href=\"#\" id=\"fl-accordion--icon-12\" tabindex=\"0\" aria-controls=\"fl-accordion--panel-12\"><i>Expand<\/i><\/a>\n\t\t<p>Biography and upcoming achievements.<\/p>\n\t\t\t<a href=\"#\" id=\"fl-accordion--label-13\" tabindex=\"0\" aria-controls=\"fl-accordion--panel-13\">Lesp\u00e9rance, Simon<\/a>\n\t\t\t\t\t\t\t<a href=\"#\" id=\"fl-accordion--icon-13\" tabindex=\"0\" aria-controls=\"fl-accordion--panel-13\"><i>Expand<\/i><\/a>\n\t\t<p>Biography and upcoming achievements.<\/p>\n\t\t\t<a href=\"#\" id=\"fl-accordion--label-14\" tabindex=\"0\" aria-controls=\"fl-accordion--panel-14\">Meek, Quentin<\/a>\n\t\t\t\t\t\t\t<a href=\"#\" id=\"fl-accordion--icon-14\" tabindex=\"0\" aria-controls=\"fl-accordion--panel-14\"><i>Expand<\/i><\/a>\n\t\t<p>Quentin Meek greatly influenced the music scene and popular culture in Quebec in the 1970s and 1980s. Originally from Ontario. &#8220;I was born in Ottawa, grew up in Ottawa, then went to college and I guess never came back. I ended up in Montreal making records&#8230;in 19&#8230;I guess it was 1970. I just fell in love with Quebec&#8221;.<\/p>\n<p>Quentin Meek, recording engineer\/producer, helped shape the  musical landscape and pop culture of Quebec in the 1970&#8217;s and early 80&#8217;s.  He participated in the making of 80 albums during his time in Montreal which helped establish careers for such greats as les Seguins, Gilles Valiquette, Plume Latraverse, Walter Rossi, George Thurston (Boule Noire) and others. He now lives in Foster, Qc and works out of his home. <\/p>\n<p>We are pleased to present Quentin at home talking about his life and performing music from the heart.<\/p>\n<p>STOP! would like to give a special thanks to Daniel Faille for having put in long hours during the recording of this show. We much appreciate his technical support.<\/p>\n<p>STOP! &#8211; Quentin Meek &#8211; At home in Foster, Quebec &#8211; April 2nd, 2016<\/p>\n<p><iframe title=\"STOP! - Quentin Meek - At home in Foster, Quebec\" width=\"500\" height=\"281\" src=\"https:\/\/www.youtube.com\/embed\/k5U9LrMP9a8?feature=oembed\" frameborder=\"0\" allow=\"accelerometer; autoplay; clipboard-write; encrypted-media; gyroscope; picture-in-picture; web-share\" referrerpolicy=\"strict-origin-when-cross-origin\" allowfullscreen><\/iframe><\/p>\n\t\t\t<a href=\"#\" id=\"fl-accordion--label-15\" tabindex=\"0\" aria-controls=\"fl-accordion--panel-15\">Pag\u00e9, Paul<\/a>\n\t\t\t\t\t\t\t<a href=\"#\" id=\"fl-accordion--icon-15\" tabindex=\"0\" aria-controls=\"fl-accordion--panel-15\"><i>Expand<\/i><\/a>\n\t\t<p>Biography and upcoming achievements.<\/p>\n\t\t\t<a href=\"#\" id=\"fl-accordion--label-16\" tabindex=\"0\" aria-controls=\"fl-accordion--panel-16\">Perry, Andr\u00e9<\/a>\n\t\t\t\t\t\t\t<a href=\"#\" id=\"fl-accordion--icon-16\" tabindex=\"0\" aria-controls=\"fl-accordion--panel-16\"><i>Expand<\/i><\/a>\n\t\t<p>Biography and upcoming achievements.<\/p>\n\t\t\t<a href=\"#\" id=\"fl-accordion--label-17\" tabindex=\"0\" aria-controls=\"fl-accordion--panel-17\">Pilon, Ga\u00e9tan<\/a>\n\t\t\t\t\t\t\t<a href=\"#\" id=\"fl-accordion--icon-17\" tabindex=\"0\" aria-controls=\"fl-accordion--panel-17\"><i>Expand<\/i><\/a>\n\t\t<p>Biography and upcoming achievements.<\/p>\n\t\t\t<a href=\"#\" id=\"fl-accordion--label-18\" tabindex=\"0\" aria-controls=\"fl-accordion--panel-18\">Robinson, Glen<\/a>\n\t\t\t\t\t\t\t<a href=\"#\" id=\"fl-accordion--icon-18\" tabindex=\"0\" aria-controls=\"fl-accordion--panel-18\"><i>Expand<\/i><\/a>\n\t\t<p>Biography and upcoming achievements.<\/p>\n\t\t\t<a href=\"#\" id=\"fl-accordion--label-19\" tabindex=\"0\" aria-controls=\"fl-accordion--panel-19\">Szawlowski, Bill<\/a>\n\t\t\t\t\t\t\t<a href=\"#\" id=\"fl-accordion--icon-19\" tabindex=\"0\" aria-controls=\"fl-accordion--panel-19\"><i>Expand<\/i><\/a>\n\t\t<p>Biography and upcoming achievements.<\/p>\n\t\t\t<a href=\"#\" id=\"fl-accordion--label-20\" tabindex=\"0\" aria-controls=\"fl-accordion--panel-20\">Terry, Ian<\/a>\n\t\t\t\t\t\t\t<a href=\"#\" id=\"fl-accordion--icon-20\" tabindex=\"0\" aria-controls=\"fl-accordion--panel-20\"><i>Expand<\/i><\/a>\n\t\t<p>Biography and upcoming achievements.<\/p>\n<p>Ian notably worked on the recording of the song &#8220;Gens du pays&#8221; sung by Gilles Vignault.<\/p>\n\t\t\t<a href=\"#\" id=\"fl-accordion--label-21\" tabindex=\"0\" aria-controls=\"fl-accordion--panel-21\">Vipond, Nelson (deceased)<\/a>\n\t\t\t\t\t\t\t<a href=\"#\" id=\"fl-accordion--icon-21\" tabindex=\"0\" aria-controls=\"fl-accordion--panel-21\"><i>Expand<\/i><\/a>\n\t\t<p>Nelson worked at Andr\u00e9 Perry&#8217;s studio as well as at Studio Six.<\/p>\n\n","protected":false},"excerpt":{"rendered":"<p>This chapter of the virtual exhibition is dedicated to sound engineers. These are the ones who have worked to achieve the best recording sound quality. Thanks to them and their wise advice, many artists have been able to have the best possible rendering of their creation.<\/p>\n","protected":false},"featured_media":2360,"template":"","meta":{"_acf_changed":false,"_genesis_hide_title":false,"_genesis_hide_breadcrumbs":false,"_genesis_hide_singular_image":false,"_genesis_hide_footer_widgets":false,"_genesis_custom_body_class":"","_genesis_custom_post_class":"","_genesis_layout":"","ngg_post_thumbnail":0},"categories":[],"class_list":{"0":"post-2361","1":"hesm","2":"type-hesm","3":"status-publish","4":"has-post-thumbnail","6":"entry"},"acf":[],"yoast_head":"<!-- This site is optimized with the Yoast SEO plugin v27.4 - https:\/\/yoast.com\/product\/yoast-seo-wordpress\/ -->\n<title>Histoire de l\u2019Enregistrement Sonore \u00e0 Montr\u00e9al \u2013 Technologie, Studios et Pionniers | MOEB<\/title>\n<meta name=\"description\" content=\"Exposition d\u00e9taill\u00e9e sur l\u2019histoire de l\u2019enregistrement sonore \u00e0 Montr\u00e9al : inventions d\u2019Emile et Herbert Berliner, premiers studios canadiens, techniques d\u2019enregistrement, avanc\u00e9es \u00e9lectriques et magn\u00e9tiques. Une ressource historique compl\u00e8te du Mus\u00e9e des ondes Emile Berliner.\" \/>\n<meta name=\"robots\" content=\"index, follow, max-snippet:-1, max-image-preview:large, max-video-preview:-1\" \/>\n<link rel=\"canonical\" href=\"https:\/\/moeb.ca\/en\/hsrm\/sound-engineer\/\" \/>\n<meta property=\"og:locale\" content=\"en_US\" \/>\n<meta property=\"og:type\" content=\"article\" \/>\n<meta property=\"og:title\" content=\"Sound Engineer\" \/>\n<meta property=\"og:description\" content=\"This chapter of the virtual exhibition is dedicated to sound engineers. These are the ones who have worked to achieve the best recording sound quality. Thanks to them and their wise advice, many artists have been able to have the best possible rendering of their creation.\" \/>\n<meta property=\"og:url\" content=\"https:\/\/moeb.ca\/en\/hsrm\/sound-engineer\/\" \/>\n<meta property=\"og:site_name\" content=\"Mus\u00e9e des ondes Emile Berliner\" \/>\n<meta property=\"article:publisher\" content=\"https:\/\/www.facebook.com\/Mus%c3%a9e-des-ondes-Emile-Berliner-368583116562909\/\" \/>\n<meta property=\"article:modified_time\" content=\"2025-05-27T15:18:03+00:00\" \/>\n<meta property=\"og:image\" content=\"https:\/\/moeb.ca\/wp-content\/uploads\/2022\/02\/History-of-sound-recording.jpg\" \/>\n\t<meta property=\"og:image:width\" content=\"1280\" \/>\n\t<meta property=\"og:image:height\" content=\"720\" \/>\n\t<meta property=\"og:image:type\" content=\"image\/jpeg\" \/>\n<meta name=\"twitter:card\" content=\"summary_large_image\" \/>\n<meta name=\"twitter:image\" content=\"https:\/\/moeb.ca\/wp-content\/uploads\/2022\/02\/History-of-sound-recording.jpg\" \/>\n<meta name=\"twitter:label1\" content=\"Est. reading time\" \/>\n\t<meta name=\"twitter:data1\" content=\"3 minutes\" \/>\n<script type=\"application\/ld+json\" class=\"yoast-schema-graph\">{\"@context\":\"https:\\\/\\\/schema.org\",\"@graph\":[{\"@type\":\"WebPage\",\"@id\":\"https:\\\/\\\/moeb.ca\\\/en\\\/hsrm\\\/sound-engineer\\\/\",\"url\":\"https:\\\/\\\/moeb.ca\\\/en\\\/hsrm\\\/sound-engineer\\\/\",\"name\":\"Histoire de l\u2019Enregistrement Sonore \u00e0 Montr\u00e9al \u2013 Technologie, Studios et Pionniers | MOEB\",\"isPartOf\":{\"@id\":\"https:\\\/\\\/moeb.ca\\\/en\\\/#website\"},\"primaryImageOfPage\":{\"@id\":\"https:\\\/\\\/moeb.ca\\\/en\\\/hsrm\\\/sound-engineer\\\/#primaryimage\"},\"image\":{\"@id\":\"https:\\\/\\\/moeb.ca\\\/en\\\/hsrm\\\/sound-engineer\\\/#primaryimage\"},\"thumbnailUrl\":\"https:\\\/\\\/moeb.ca\\\/wp-content\\\/uploads\\\/2022\\\/02\\\/History-of-sound-recording.jpg\",\"datePublished\":\"2021-08-25T14:27:07+00:00\",\"dateModified\":\"2025-05-27T15:18:03+00:00\",\"description\":\"Exposition d\u00e9taill\u00e9e sur l\u2019histoire de l\u2019enregistrement sonore \u00e0 Montr\u00e9al : inventions d\u2019Emile et Herbert Berliner, premiers studios canadiens, techniques d\u2019enregistrement, avanc\u00e9es \u00e9lectriques et magn\u00e9tiques. Une ressource historique compl\u00e8te du Mus\u00e9e des ondes Emile Berliner.\",\"breadcrumb\":{\"@id\":\"https:\\\/\\\/moeb.ca\\\/en\\\/hsrm\\\/sound-engineer\\\/#breadcrumb\"},\"inLanguage\":\"en-US\",\"potentialAction\":[{\"@type\":\"ReadAction\",\"target\":[\"https:\\\/\\\/moeb.ca\\\/en\\\/hsrm\\\/sound-engineer\\\/\"]}]},{\"@type\":\"ImageObject\",\"inLanguage\":\"en-US\",\"@id\":\"https:\\\/\\\/moeb.ca\\\/en\\\/hsrm\\\/sound-engineer\\\/#primaryimage\",\"url\":\"https:\\\/\\\/moeb.ca\\\/wp-content\\\/uploads\\\/2022\\\/02\\\/History-of-sound-recording.jpg\",\"contentUrl\":\"https:\\\/\\\/moeb.ca\\\/wp-content\\\/uploads\\\/2022\\\/02\\\/History-of-sound-recording.jpg\",\"width\":1280,\"height\":720,\"caption\":\"History of sound recording in Montreal\"},{\"@type\":\"BreadcrumbList\",\"@id\":\"https:\\\/\\\/moeb.ca\\\/en\\\/hsrm\\\/sound-engineer\\\/#breadcrumb\",\"itemListElement\":[{\"@type\":\"ListItem\",\"position\":1,\"name\":\"Home\",\"item\":\"https:\\\/\\\/moeb.ca\\\/en\\\/\"},{\"@type\":\"ListItem\",\"position\":2,\"name\":\"HSRM\",\"item\":\"https:\\\/\\\/moeb.ca\\\/en\\\/hsrm\\\/\"},{\"@type\":\"ListItem\",\"position\":3,\"name\":\"Sound Engineer\"}]},{\"@type\":\"WebSite\",\"@id\":\"https:\\\/\\\/moeb.ca\\\/en\\\/#website\",\"url\":\"https:\\\/\\\/moeb.ca\\\/en\\\/\",\"name\":\"Mus\u00e9e des ondes Emile Berliner\",\"description\":\"Diffuser le patrimoine associ\u00e9 \u00e0 l&#039;histoire de l\u2019industrie des ondes sonores\",\"publisher\":{\"@id\":\"https:\\\/\\\/moeb.ca\\\/en\\\/#organization\"},\"potentialAction\":[{\"@type\":\"SearchAction\",\"target\":{\"@type\":\"EntryPoint\",\"urlTemplate\":\"https:\\\/\\\/moeb.ca\\\/en\\\/?s={search_term_string}\"},\"query-input\":{\"@type\":\"PropertyValueSpecification\",\"valueRequired\":true,\"valueName\":\"search_term_string\"}}],\"inLanguage\":\"en-US\"},{\"@type\":\"Organization\",\"@id\":\"https:\\\/\\\/moeb.ca\\\/en\\\/#organization\",\"name\":\"Mus\u00e9e des Ondes Emile Berliner\",\"url\":\"https:\\\/\\\/moeb.ca\\\/en\\\/\",\"logo\":{\"@type\":\"ImageObject\",\"inLanguage\":\"en-US\",\"@id\":\"https:\\\/\\\/moeb.ca\\\/en\\\/#\\\/schema\\\/logo\\\/image\\\/\",\"url\":\"https:\\\/\\\/moeb.ca\\\/wp-content\\\/uploads\\\/2020\\\/08\\\/moeb-logo.jpg\",\"contentUrl\":\"https:\\\/\\\/moeb.ca\\\/wp-content\\\/uploads\\\/2020\\\/08\\\/moeb-logo.jpg\",\"width\":225,\"height\":120,\"caption\":\"Mus\u00e9e des Ondes Emile Berliner\"},\"image\":{\"@id\":\"https:\\\/\\\/moeb.ca\\\/en\\\/#\\\/schema\\\/logo\\\/image\\\/\"},\"sameAs\":[\"https:\\\/\\\/www.facebook.com\\\/Mus\u00e9e-des-ondes-Emile-Berliner-368583116562909\\\/\"]}]}<\/script>\n<!-- \/ Yoast SEO plugin. -->","yoast_head_json":{"title":"Histoire de l\u2019Enregistrement Sonore \u00e0 Montr\u00e9al \u2013 Technologie, Studios et Pionniers | MOEB","description":"Exposition d\u00e9taill\u00e9e sur l\u2019histoire de l\u2019enregistrement sonore \u00e0 Montr\u00e9al : inventions d\u2019Emile et Herbert Berliner, premiers studios canadiens, techniques d\u2019enregistrement, avanc\u00e9es \u00e9lectriques et magn\u00e9tiques. Une ressource historique compl\u00e8te du Mus\u00e9e des ondes Emile Berliner.","robots":{"index":"index","follow":"follow","max-snippet":"max-snippet:-1","max-image-preview":"max-image-preview:large","max-video-preview":"max-video-preview:-1"},"canonical":"https:\/\/moeb.ca\/en\/hsrm\/sound-engineer\/","og_locale":"en_US","og_type":"article","og_title":"Sound Engineer","og_description":"This chapter of the virtual exhibition is dedicated to sound engineers. These are the ones who have worked to achieve the best recording sound quality. Thanks to them and their wise advice, many artists have been able to have the best possible rendering of their creation.","og_url":"https:\/\/moeb.ca\/en\/hsrm\/sound-engineer\/","og_site_name":"Mus\u00e9e des ondes Emile Berliner","article_publisher":"https:\/\/www.facebook.com\/Mus%c3%a9e-des-ondes-Emile-Berliner-368583116562909\/","article_modified_time":"2025-05-27T15:18:03+00:00","og_image":[{"width":1280,"height":720,"url":"https:\/\/moeb.ca\/wp-content\/uploads\/2022\/02\/History-of-sound-recording.jpg","type":"image\/jpeg"}],"twitter_card":"summary_large_image","twitter_image":"https:\/\/moeb.ca\/wp-content\/uploads\/2022\/02\/History-of-sound-recording.jpg","twitter_misc":{"Est. reading time":"3 minutes"},"schema":{"@context":"https:\/\/schema.org","@graph":[{"@type":"WebPage","@id":"https:\/\/moeb.ca\/en\/hsrm\/sound-engineer\/","url":"https:\/\/moeb.ca\/en\/hsrm\/sound-engineer\/","name":"Histoire de l\u2019Enregistrement Sonore \u00e0 Montr\u00e9al \u2013 Technologie, Studios et Pionniers | MOEB","isPartOf":{"@id":"https:\/\/moeb.ca\/en\/#website"},"primaryImageOfPage":{"@id":"https:\/\/moeb.ca\/en\/hsrm\/sound-engineer\/#primaryimage"},"image":{"@id":"https:\/\/moeb.ca\/en\/hsrm\/sound-engineer\/#primaryimage"},"thumbnailUrl":"https:\/\/moeb.ca\/wp-content\/uploads\/2022\/02\/History-of-sound-recording.jpg","datePublished":"2021-08-25T14:27:07+00:00","dateModified":"2025-05-27T15:18:03+00:00","description":"Exposition d\u00e9taill\u00e9e sur l\u2019histoire de l\u2019enregistrement sonore \u00e0 Montr\u00e9al : inventions d\u2019Emile et Herbert Berliner, premiers studios canadiens, techniques d\u2019enregistrement, avanc\u00e9es \u00e9lectriques et magn\u00e9tiques. Une ressource historique compl\u00e8te du Mus\u00e9e des ondes Emile Berliner.","breadcrumb":{"@id":"https:\/\/moeb.ca\/en\/hsrm\/sound-engineer\/#breadcrumb"},"inLanguage":"en-US","potentialAction":[{"@type":"ReadAction","target":["https:\/\/moeb.ca\/en\/hsrm\/sound-engineer\/"]}]},{"@type":"ImageObject","inLanguage":"en-US","@id":"https:\/\/moeb.ca\/en\/hsrm\/sound-engineer\/#primaryimage","url":"https:\/\/moeb.ca\/wp-content\/uploads\/2022\/02\/History-of-sound-recording.jpg","contentUrl":"https:\/\/moeb.ca\/wp-content\/uploads\/2022\/02\/History-of-sound-recording.jpg","width":1280,"height":720,"caption":"History of sound recording in Montreal"},{"@type":"BreadcrumbList","@id":"https:\/\/moeb.ca\/en\/hsrm\/sound-engineer\/#breadcrumb","itemListElement":[{"@type":"ListItem","position":1,"name":"Home","item":"https:\/\/moeb.ca\/en\/"},{"@type":"ListItem","position":2,"name":"HSRM","item":"https:\/\/moeb.ca\/en\/hsrm\/"},{"@type":"ListItem","position":3,"name":"Sound Engineer"}]},{"@type":"WebSite","@id":"https:\/\/moeb.ca\/en\/#website","url":"https:\/\/moeb.ca\/en\/","name":"Mus\u00e9e des ondes Emile Berliner","description":"Diffuser le patrimoine associ\u00e9 \u00e0 l&#039;histoire de l\u2019industrie des ondes sonores","publisher":{"@id":"https:\/\/moeb.ca\/en\/#organization"},"potentialAction":[{"@type":"SearchAction","target":{"@type":"EntryPoint","urlTemplate":"https:\/\/moeb.ca\/en\/?s={search_term_string}"},"query-input":{"@type":"PropertyValueSpecification","valueRequired":true,"valueName":"search_term_string"}}],"inLanguage":"en-US"},{"@type":"Organization","@id":"https:\/\/moeb.ca\/en\/#organization","name":"Mus\u00e9e des Ondes Emile Berliner","url":"https:\/\/moeb.ca\/en\/","logo":{"@type":"ImageObject","inLanguage":"en-US","@id":"https:\/\/moeb.ca\/en\/#\/schema\/logo\/image\/","url":"https:\/\/moeb.ca\/wp-content\/uploads\/2020\/08\/moeb-logo.jpg","contentUrl":"https:\/\/moeb.ca\/wp-content\/uploads\/2020\/08\/moeb-logo.jpg","width":225,"height":120,"caption":"Mus\u00e9e des Ondes Emile Berliner"},"image":{"@id":"https:\/\/moeb.ca\/en\/#\/schema\/logo\/image\/"},"sameAs":["https:\/\/www.facebook.com\/Mus\u00e9e-des-ondes-Emile-Berliner-368583116562909\/"]}]}},"_links":{"self":[{"href":"https:\/\/moeb.ca\/en\/wp-json\/wp\/v2\/hesm\/2361","targetHints":{"allow":["GET"]}}],"collection":[{"href":"https:\/\/moeb.ca\/en\/wp-json\/wp\/v2\/hesm"}],"about":[{"href":"https:\/\/moeb.ca\/en\/wp-json\/wp\/v2\/types\/hesm"}],"wp:featuredmedia":[{"embeddable":true,"href":"https:\/\/moeb.ca\/en\/wp-json\/wp\/v2\/media\/2360"}],"wp:attachment":[{"href":"https:\/\/moeb.ca\/en\/wp-json\/wp\/v2\/media?parent=2361"}],"wp:term":[{"taxonomy":"category","embeddable":true,"href":"https:\/\/moeb.ca\/en\/wp-json\/wp\/v2\/categories?post=2361"}],"curies":[{"name":"wp","href":"https:\/\/api.w.org\/{rel}","templated":true}]}}